{"id":17,"date":"2025-06-12T14:21:50","date_gmt":"2025-06-12T12:21:50","guid":{"rendered":"https:\/\/www.spolek.org\/test\/?page_id=17"},"modified":"2025-07-28T11:16:11","modified_gmt":"2025-07-28T09:16:11","slug":"home","status":"publish","type":"page","link":"https:\/\/www.spolek.org\/en\/","title":{"rendered":"Home"},"content":{"rendered":"<div class=\"wp-block-group alignwide has-global-padding is-layout-constrained wp-block-group-is-layout-constrained\">\n<div class=\"wp-block-columns alignwide is-layout-flex wp-container-core-columns-is-layout-28f84493 wp-block-columns-is-layout-flex\">\n<div class=\"wp-block-column has-global-padding is-content-justification-center is-layout-constrained wp-block-column-is-layout-constrained\">\n<figure class=\"wp-block-image alignwide size-large\"><img loading=\"lazy\" decoding=\"async\" width=\"1024\" height=\"683\" src=\"https:\/\/www.spolek.org\/wp-content\/uploads\/2025\/07\/pamet-vinetace-3-1024x683.png\" alt=\"Pam\u011b\u0165\" class=\"wp-image-308\" srcset=\"https:\/\/www.spolek.org\/wp-content\/uploads\/2025\/07\/pamet-vinetace-3-1024x683.png 1024w, https:\/\/www.spolek.org\/wp-content\/uploads\/2025\/07\/pamet-vinetace-3-300x200.png 300w, https:\/\/www.spolek.org\/wp-content\/uploads\/2025\/07\/pamet-vinetace-3-768x512.png 768w, https:\/\/www.spolek.org\/wp-content\/uploads\/2025\/07\/pamet-vinetace-3.png 1536w\" sizes=\"auto, (max-width: 1024px) 100vw, 1024px\" \/><figcaption class=\"wp-element-caption\"><sub>photo: Karel Cudl\u00edn<\/sub><\/figcaption><\/figure>\n<\/div>\n\n\n\n<div class=\"wp-block-column is-vertically-aligned-center has-global-padding is-layout-constrained wp-block-column-is-layout-constrained\">\n<h1 class=\"wp-block-heading alignwide has-text-align-left is-style-text-display has-contrast-color has-text-color has-link-color has-x-large-font-size wp-elements-1cbb94d4efe84674d8ea9927c98e1cab is-style-text-display--1\" style=\"padding-right:0;padding-left:0\">Publicly Beneficial Association Supporting Persons Affected by Holocaust<\/h1>\n\n\n\n<p class=\"has-contrast-color has-text-color has-link-color wp-elements-c7a1da5493cc3589291d0d58ef981e78\">Supporting Memory.<br>Providing Care.<\/p>\n<\/div>\n<\/div>\n\n\n\n<div class=\"wp-block-columns alignwide is-layout-flex wp-container-core-columns-is-layout-28f84493 wp-block-columns-is-layout-flex\">\n<div class=\"wp-block-column is-vertically-aligned-top is-layout-flow wp-block-column-is-layout-flow\" style=\"flex-basis:66%\">\n<div class=\"wp-block-group has-global-padding is-layout-constrained wp-block-group-is-layout-constrained\">\n<h2 class=\"wp-block-heading\">Charity as a Tradition<\/h2>\n\n\n\n<p class=\"has-small-font-size\"><a href=\"https:\/\/www.holocaust.cz\/zdroje\/clanky-z-ros-chodese\/ros-chodes-2010\/prosinec-12\/narodnosti-jsem-prazak\/\">Petr Brod,&nbsp;<\/a>Historian<\/p>\n\n\n\n<p class=\"has-medium-font-size\">Charity has been an integral part of Jewish religious and social traditions since time immemorial. It is based on the understanding that all Jews are entitled to a dignified existence, regardless of their own financial means. Even those who are poor are considered full members of the community. According to Halacha, the obligation to give charity is so universal that even someone dependent on charity is expected to contribute\u2014within their means\u2014to support fellow members of the faith.<\/p>\n\n\n\n<details class=\"wp-block-details has-medium-font-size is-layout-flow wp-block-details-is-layout-flow\"><summary>read more<\/summary>\n<p class=\"has-medium-font-size\">Poor Jews were not required to pay direct taxes to their communities. The assistance they received was not intended to eliminate social or economic stratification within the community, but rather to ensure that no member would be forced to live in hardship. Throughout the European diaspora in the Middle Ages and early modern period, a network of private and public institutions existed to secure a dignified existence for many disadvantaged groups\u2014including orphans and widows, people with disabilities, victims of poor economic dealings or natural disasters, and communal officials such as rabbis and judges who were imprisoned by Christian rulers for their public roles. Some communities also included in their charitable support those who devoted all their time to the study of the Torah.<\/p>\n\n\n\n<p class=\"has-medium-font-size\">Over time, based on the Talmudic principle that \"the poor of your city take precedence,\" three main groups of charity recipients emerged: local residents, those in need outside the local community, and Jews living in Palestine. The attitude of Central European communities is well illustrated by the early modern statutes of the Jewish community in Pozna\u0144, which state: \"The community shall closely watch over its poor and is obliged to provide each of them with support according to the size of their household.\"<\/p>\n\n\n\n<p class=\"has-medium-font-size\">With the emancipation of Jews and their growing participation in public life from the 19th century onward, the scope of charitable activities broadened and became more diverse. In addition to traditional forms of support for basic living needs, new initiatives emerged\u2014such as scholarships aimed at enabling talented pupils and students to pursue studies at public and private secondary schools or universities.<\/p>\n\n\n\n<p class=\"has-medium-font-size\">In the Czech lands, Jewish charity was already widespread during the Austro-Hungarian Empire and reached its peak in the interwar period of the First Czechoslovak Republic. As historian and archivist Ji\u0159\u00ed K\u0159es\u0165an notes in reference to Prague\u2014where about half of the Jewish population of Bohemia and Moravia lived at the time\u2014\u201cthe most numerous group among Jewish associations were charitable, humanitarian, and relief organizations. Charity was a traditional and inseparable part of Judaism.\u201d<\/p>\n\n\n\n<p class=\"has-medium-font-size\">This is evidenced by the existence of dozens of charitable organizations associated with various linguistic, religious, and political currents within the Jewish community. To name just a few that stood out for their long-term activity:<\/p>\n\n\n\n<ul class=\"wp-block-list has-medium-font-size\">\n<li>Derech Je\u0161ara \/ Maskil El Dol, Association for the Support of the Sick (1797\u20131933)<\/li>\n\n\n\n<li>Chanuka, Association for the Support of Impoverished Youth (1879\u20131940)<\/li>\n\n\n\n<li>Penny Association for the Support of Poor Orphaned Israelite Girls in Bohemia (1877\u20131939)<\/li>\n\n\n\n<li>Israelite Orphanage Association for Boys from Bohemia (1897\u20131938)<\/li>\n\n\n\n<li>Association for the Establishment of a Jewish Hospital in Prague (1894\u20131938)<\/li>\n<\/ul>\n\n\n\n<p class=\"has-medium-font-size\">Among the best-known organizations engaged in charitable work is the international order B\u2019nai B\u2019rith, whose members during the interwar period included a significant part of the Jewish social elite. Its activities in the Czech Republic were revived after the fall of the communist regime.<\/p>\n\n\n\n<p class=\"has-medium-font-size\">The Publicly Beneficial Association Supporting Persons Affected by Holocaust builds on all these traditions through its mission and focus.<\/p>\n<\/details>\n<\/div>\n\n\n\n<div class=\"wp-block-group has-global-padding is-content-justification-center is-layout-constrained wp-block-group-is-layout-constrained\">\n<h2 class=\"wp-block-heading\">Acknowledgment<\/h2>\n\n\n\n<p class=\"has-medium-font-size\">We sincerely thank the following institutions for their longstanding support:<\/p>\n\n\n\n<div class=\"wp-block-group is-style-default is-layout-grid wp-container-core-group-is-layout-272dbdcf wp-block-group-is-layout-grid\">\n<figure class=\"wp-block-image size-full is-resized\"><a href=\"https:\/\/vlada.gov.cz\/cz\/urad-vlady\/\" target=\"_blank\" rel=\" noreferrer noopener\"><img loading=\"lazy\" decoding=\"async\" width=\"2560\" height=\"753\" src=\"https:\/\/www.spolek.org\/wp-content\/uploads\/2025\/07\/Logo-urad-vlady-2-scaled.jpg\" alt=\"Logo-urad-vlady\" class=\"wp-image-544\" style=\"object-fit:cover;width:auto;height:50px\" srcset=\"https:\/\/www.spolek.org\/wp-content\/uploads\/2025\/07\/Logo-urad-vlady-2-scaled.jpg 2560w, https:\/\/www.spolek.org\/wp-content\/uploads\/2025\/07\/Logo-urad-vlady-2-300x88.jpg 300w, https:\/\/www.spolek.org\/wp-content\/uploads\/2025\/07\/Logo-urad-vlady-2-1024x301.jpg 1024w, https:\/\/www.spolek.org\/wp-content\/uploads\/2025\/07\/Logo-urad-vlady-2-768x226.jpg 768w, https:\/\/www.spolek.org\/wp-content\/uploads\/2025\/07\/Logo-urad-vlady-2-1536x452.jpg 1536w, https:\/\/www.spolek.org\/wp-content\/uploads\/2025\/07\/Logo-urad-vlady-2-2048x602.jpg 2048w, https:\/\/www.spolek.org\/wp-content\/uploads\/2025\/07\/Logo-urad-vlady-2-18x5.jpg 18w\" sizes=\"auto, (max-width: 2560px) 100vw, 2560px\" \/><\/a><\/figure>\n\n\n\n<figure class=\"wp-block-image size-full is-resized\"><a href=\"https:\/\/praha.eu\/\" target=\"_blank\" rel=\" noreferrer noopener\"><img loading=\"lazy\" decoding=\"async\" width=\"600\" height=\"600\" src=\"https:\/\/www.spolek.org\/wp-content\/uploads\/2025\/07\/logo-hmp.png\" alt=\"Logo Hlavn\u00edho m\u011bsta Prahy\" class=\"wp-image-334\" style=\"object-fit:cover;width:auto;height:75px\" srcset=\"https:\/\/www.spolek.org\/wp-content\/uploads\/2025\/07\/logo-hmp.png 600w, https:\/\/www.spolek.org\/wp-content\/uploads\/2025\/07\/logo-hmp-300x300.png 300w, https:\/\/www.spolek.org\/wp-content\/uploads\/2025\/07\/logo-hmp-150x150.png 150w\" sizes=\"auto, (max-width: 600px) 100vw, 600px\" \/><\/a><\/figure>\n\n\n\n<figure class=\"wp-block-image size-full is-resized\"><img loading=\"lazy\" decoding=\"async\" width=\"1111\" height=\"1111\" src=\"https:\/\/www.spolek.org\/wp-content\/uploads\/2025\/07\/logo-mc-praha2.jpg\" alt=\"logo-mc-praha2\" class=\"wp-image-539\" style=\"object-fit:cover;width:auto;height:100px\" srcset=\"https:\/\/www.spolek.org\/wp-content\/uploads\/2025\/07\/logo-mc-praha2.jpg 1111w, https:\/\/www.spolek.org\/wp-content\/uploads\/2025\/07\/logo-mc-praha2-300x300.jpg 300w, https:\/\/www.spolek.org\/wp-content\/uploads\/2025\/07\/logo-mc-praha2-1024x1024.jpg 1024w, https:\/\/www.spolek.org\/wp-content\/uploads\/2025\/07\/logo-mc-praha2-150x150.jpg 150w, https:\/\/www.spolek.org\/wp-content\/uploads\/2025\/07\/logo-mc-praha2-768x768.jpg 768w, https:\/\/www.spolek.org\/wp-content\/uploads\/2025\/07\/logo-mc-praha2-12x12.jpg 12w\" sizes=\"auto, (max-width: 1111px) 100vw, 1111px\" \/><\/figure>\n\n\n\n<figure class=\"wp-block-image size-full is-resized\"><a href=\"https:\/\/prag.diplo.de\/\" target=\"_blank\" rel=\" noreferrer noopener\"><img loading=\"lazy\" decoding=\"async\" width=\"418\" height=\"208\" src=\"https:\/\/www.spolek.org\/wp-content\/uploads\/2025\/07\/logo-velvyslanectvi-srn.gif\" alt=\"Logo Velvyslanectv\u00ed SRN v Praze\" class=\"wp-image-379\" style=\"object-fit:cover;width:auto;height:100px\"\/><\/a><\/figure>\n\n\n\n<figure class=\"wp-block-image size-large is-resized\"><a href=\"https:\/\/fondholocaust.cz\/\" target=\"_blank\" rel=\" noreferrer noopener\"><img loading=\"lazy\" decoding=\"async\" width=\"1024\" height=\"366\" src=\"https:\/\/www.spolek.org\/wp-content\/uploads\/2025\/07\/logo-NFOH-1024x366.jpg\" alt=\"Logo NFOH\" class=\"wp-image-333\" style=\"object-fit:cover;width:auto;height:70px\" srcset=\"https:\/\/www.spolek.org\/wp-content\/uploads\/2025\/07\/logo-NFOH-1024x366.jpg 1024w, https:\/\/www.spolek.org\/wp-content\/uploads\/2025\/07\/logo-NFOH-300x107.jpg 300w, https:\/\/www.spolek.org\/wp-content\/uploads\/2025\/07\/logo-NFOH-768x274.jpg 768w, https:\/\/www.spolek.org\/wp-content\/uploads\/2025\/07\/logo-NFOH-1536x549.jpg 1536w, https:\/\/www.spolek.org\/wp-content\/uploads\/2025\/07\/logo-NFOH-2048x732.jpg 2048w\" sizes=\"auto, (max-width: 1024px) 100vw, 1024px\" \/><\/a><\/figure>\n\n\n\n<figure class=\"wp-block-image size-full is-resized\"><a href=\"https:\/\/www.jewishmuseum.cz\/\" target=\"_blank\" rel=\" noreferrer noopener\"><img loading=\"lazy\" decoding=\"async\" width=\"114\" height=\"70\" src=\"https:\/\/www.spolek.org\/wp-content\/uploads\/2025\/07\/zmp-logo.png\" alt=\"Logo \u017didovsk\u00e9ho muzea v Praze\" class=\"wp-image-378\" style=\"object-fit:cover;width:auto;height:60px\"\/><\/a><\/figure>\n\n\n\n<figure class=\"wp-block-image size-full is-resized\"><a href=\"http:\/\/www.dap.cz\/\" target=\"_blank\" rel=\" noreferrer noopener\"><img loading=\"lazy\" decoding=\"async\" width=\"943\" height=\"708\" src=\"https:\/\/www.spolek.org\/wp-content\/uploads\/2025\/07\/logo-DAP.png\" alt=\"Logo DAP\" class=\"wp-image-374\" style=\"width:auto;height:80px\" srcset=\"https:\/\/www.spolek.org\/wp-content\/uploads\/2025\/07\/logo-DAP.png 943w, https:\/\/www.spolek.org\/wp-content\/uploads\/2025\/07\/logo-DAP-300x225.png 300w, https:\/\/www.spolek.org\/wp-content\/uploads\/2025\/07\/logo-DAP-768x577.png 768w\" sizes=\"auto, (max-width: 943px) 100vw, 943px\" \/><\/a><\/figure>\n<\/div>\n<\/div>\n<\/div>\n\n\n\n<div class=\"wp-block-column is-layout-flow wp-block-column-is-layout-flow\" style=\"border-left-color:var(--wp--preset--color--accent-4);border-left-width:1px;padding-right:var(--wp--preset--spacing--30);padding-left:var(--wp--preset--spacing--30);flex-basis:33%\">\n<h2 class=\"wp-block-heading\">News<\/h2>\n\n\n\n<div class=\"wp-block-query is-layout-flow wp-block-query-is-layout-flow\"><ul class=\"wp-block-post-template is-layout-flow wp-block-post-template-is-layout-flow\"><li class=\"wp-block-post post-763 post type-post status-publish format-standard has-post-thumbnail hentry category-stolpersteine\">\n\n<div class=\"wp-block-group is-style-default is-layout-flow wp-container-core-group-is-layout-4d4b61a5 wp-block-group-is-layout-flow\" style=\"padding-top:0;padding-right:0;padding-bottom:0;padding-left:0\"><h3 class=\"wp-block-post-title\"><a href=\"https:\/\/www.spolek.org\/en\/v-praze-pribydou-nove-stolpersteine-pripominajici-obeti-nacismu\/\" target=\"_self\" >New Stolpersteine commemorating victims of Nazism will be installed in Prague<\/a><\/h3>\n\n<figure style=\"aspect-ratio:16\/9;height:150px;\" class=\"wp-block-post-featured-image\"><img loading=\"lazy\" decoding=\"async\" width=\"2048\" height=\"1536\" src=\"https:\/\/www.spolek.org\/wp-content\/uploads\/2026\/03\/Stolpersteine-box2.jpg\" class=\"attachment-full size-full wp-post-image\" alt=\"Stolpersteine 2026\" style=\"width:100%;height:100%;object-fit:cover;\" srcset=\"https:\/\/www.spolek.org\/wp-content\/uploads\/2026\/03\/Stolpersteine-box2.jpg 2048w, https:\/\/www.spolek.org\/wp-content\/uploads\/2026\/03\/Stolpersteine-box2-300x225.jpg 300w, https:\/\/www.spolek.org\/wp-content\/uploads\/2026\/03\/Stolpersteine-box2-1024x768.jpg 1024w, https:\/\/www.spolek.org\/wp-content\/uploads\/2026\/03\/Stolpersteine-box2-768x576.jpg 768w, https:\/\/www.spolek.org\/wp-content\/uploads\/2026\/03\/Stolpersteine-box2-1536x1152.jpg 1536w, https:\/\/www.spolek.org\/wp-content\/uploads\/2026\/03\/Stolpersteine-box2-16x12.jpg 16w\" sizes=\"auto, (max-width: 2048px) 100vw, 2048px\" \/><\/figure>\n\n<div class=\"wp-block-post-date\"><time datetime=\"2026-03-10T17:24:32+01:00\">10. 3. 2026<\/time><\/div>\n\n<div class=\"wp-block-post-excerpt has-medium-font-size\"><p class=\"wp-block-post-excerpt__excerpt\">On <strong>12, 16, and 17 June<\/strong>, another installation of Stolpersteine memorial stones will take place in Prague. A total of 63 new stones will be placed at 24 addresses across different districts of the city, commemorating the tragic fates of people who became victims of Nazi persecution. <\/p><\/div><\/div>\n\n<\/li><li class=\"wp-block-post post-754 post type-post status-publish format-standard has-post-thumbnail hentry category-nezarazene\">\n\n<div class=\"wp-block-group is-style-default is-layout-flow wp-container-core-group-is-layout-4d4b61a5 wp-block-group-is-layout-flow\" style=\"padding-top:0;padding-right:0;padding-bottom:0;padding-left:0\"><h3 class=\"wp-block-post-title\"><a href=\"https:\/\/www.spolek.org\/en\/schvaleni-vyrocni-zpravy-za-2025\/\" target=\"_self\" >Approval of the Annual Report and Decision on the Investment of Available Funds<\/a><\/h3>\n\n<figure style=\"aspect-ratio:16\/9;height:150px;\" class=\"wp-block-post-featured-image\"><img loading=\"lazy\" decoding=\"async\" width=\"2560\" height=\"1920\" src=\"https:\/\/www.spolek.org\/wp-content\/uploads\/2026\/03\/Vyrocni-zprava-2025-scaled.jpg\" class=\"attachment-full size-full wp-post-image\" alt=\"V\u00fdro\u010dn\u00ed zpr\u00e1va 2025\" style=\"width:100%;height:100%;object-fit:cover;\" srcset=\"https:\/\/www.spolek.org\/wp-content\/uploads\/2026\/03\/Vyrocni-zprava-2025-scaled.jpg 2560w, https:\/\/www.spolek.org\/wp-content\/uploads\/2026\/03\/Vyrocni-zprava-2025-300x225.jpg 300w, https:\/\/www.spolek.org\/wp-content\/uploads\/2026\/03\/Vyrocni-zprava-2025-1024x768.jpg 1024w, https:\/\/www.spolek.org\/wp-content\/uploads\/2026\/03\/Vyrocni-zprava-2025-768x576.jpg 768w, https:\/\/www.spolek.org\/wp-content\/uploads\/2026\/03\/Vyrocni-zprava-2025-1536x1152.jpg 1536w, https:\/\/www.spolek.org\/wp-content\/uploads\/2026\/03\/Vyrocni-zprava-2025-2048x1536.jpg 2048w, https:\/\/www.spolek.org\/wp-content\/uploads\/2026\/03\/Vyrocni-zprava-2025-16x12.jpg 16w\" sizes=\"auto, (max-width: 2560px) 100vw, 2560px\" \/><\/figure>\n\n<div class=\"wp-block-post-date\"><time datetime=\"2026-03-06T15:44:22+01:00\">6. 3. 2026<\/time><\/div>\n\n<div class=\"wp-block-post-excerpt has-medium-font-size\"><p class=\"wp-block-post-excerpt__excerpt\">On 24 February 2026, the association\u2019s general meeting took place in the concert hall of the Hagibor Social Care Home. Seventeen members attended, and guests from the Hagibor Social Care Home and the Hagibor Foundation were also present. <\/p><\/div><\/div>\n\n<\/li><li class=\"wp-block-post post-721 post type-post status-publish format-standard has-post-thumbnail hentry category-nezarazene\">\n\n<div class=\"wp-block-group is-style-default is-layout-flow wp-container-core-group-is-layout-4d4b61a5 wp-block-group-is-layout-flow\" style=\"padding-top:0;padding-right:0;padding-bottom:0;padding-left:0\"><h3 class=\"wp-block-post-title\"><a href=\"https:\/\/www.spolek.org\/en\/probehla-clenska-schuze\/\" target=\"_self\" >A members\u2019 meeting was held<\/a><\/h3>\n\n<figure style=\"aspect-ratio:16\/9;height:150px;\" class=\"wp-block-post-featured-image\"><img loading=\"lazy\" decoding=\"async\" width=\"800\" height=\"533\" src=\"https:\/\/www.spolek.org\/wp-content\/uploads\/2025\/12\/Hagibor-3.jpeg\" class=\"attachment-full size-full wp-post-image\" alt=\"DSP Hagibor\" style=\"width:100%;height:100%;object-fit:cover;\" srcset=\"https:\/\/www.spolek.org\/wp-content\/uploads\/2025\/12\/Hagibor-3.jpeg 800w, https:\/\/www.spolek.org\/wp-content\/uploads\/2025\/12\/Hagibor-3-300x200.jpeg 300w, https:\/\/www.spolek.org\/wp-content\/uploads\/2025\/12\/Hagibor-3-768x512.jpeg 768w, https:\/\/www.spolek.org\/wp-content\/uploads\/2025\/12\/Hagibor-3-18x12.jpeg 18w\" sizes=\"auto, (max-width: 800px) 100vw, 800px\" \/><\/figure>\n\n<div class=\"wp-block-post-date\"><time datetime=\"2025-12-21T21:57:28+01:00\">21. 12. 2025<\/time><\/div>\n\n<div class=\"wp-block-post-excerpt has-medium-font-size\"><p class=\"wp-block-post-excerpt__excerpt\">On 18 December 2025, a members\u2019 meeting of the Public Benefit Association for the Support of Persons Affected by the Holocaust was held at the Hagibor Social Care Home. The meeting was attended by a total of 15 members and was chaired by the association\u2019s chairman, Franti\u0161ek B\u00e1nyai. <\/p><\/div><\/div>\n\n<\/li><li class=\"wp-block-post post-694 post type-post status-publish format-standard has-post-thumbnail hentry category-stolpersteine\">\n\n<div class=\"wp-block-group is-style-default is-layout-flow wp-container-core-group-is-layout-4d4b61a5 wp-block-group-is-layout-flow\" style=\"padding-top:0;padding-right:0;padding-bottom:0;padding-left:0\"><h3 class=\"wp-block-post-title\"><a href=\"https:\/\/www.spolek.org\/en\/stolperstein-za-hanuse-polacha\/\" target=\"_self\" >Stolperstein for Hanu\u0161 Polach<\/a><\/h3>\n\n<figure style=\"aspect-ratio:16\/9;height:150px;\" class=\"wp-block-post-featured-image\"><img loading=\"lazy\" decoding=\"async\" width=\"2048\" height=\"1290\" src=\"https:\/\/www.spolek.org\/wp-content\/uploads\/2025\/10\/Hanus-Polach-Stolperstein.jpg\" class=\"attachment-full size-full wp-post-image\" alt=\"Hanu\u0161 Polach - Stolperstein\" style=\"width:100%;height:100%;object-fit:cover;\" srcset=\"https:\/\/www.spolek.org\/wp-content\/uploads\/2025\/10\/Hanus-Polach-Stolperstein.jpg 2048w, https:\/\/www.spolek.org\/wp-content\/uploads\/2025\/10\/Hanus-Polach-Stolperstein-300x189.jpg 300w, https:\/\/www.spolek.org\/wp-content\/uploads\/2025\/10\/Hanus-Polach-Stolperstein-1024x645.jpg 1024w, https:\/\/www.spolek.org\/wp-content\/uploads\/2025\/10\/Hanus-Polach-Stolperstein-768x484.jpg 768w, https:\/\/www.spolek.org\/wp-content\/uploads\/2025\/10\/Hanus-Polach-Stolperstein-1536x968.jpg 1536w, https:\/\/www.spolek.org\/wp-content\/uploads\/2025\/10\/Hanus-Polach-Stolperstein-18x12.jpg 18w\" sizes=\"auto, (max-width: 2048px) 100vw, 2048px\" \/><\/figure>\n\n<div class=\"wp-block-post-date\"><time datetime=\"2025-10-17T22:11:00+02:00\">17. 10. 2025<\/time><\/div>\n\n<div class=\"wp-block-post-excerpt has-medium-font-size\"><p class=\"wp-block-post-excerpt__excerpt\">On 15 October 2025, a memorial stone (Stolperstein) was laid in Prague\u2019s Hole\u0161ovice district, in front of the house at U Smaltovny 19, to commemorate lawyer JUDr. Hanu\u0161 (Hans) Polach. Hanu\u0161 Polach was born in 1899 in Vienna.\u2026 <\/p><\/div><\/div>\n\n<\/li><li class=\"wp-block-post post-626 post type-post status-publish format-standard has-post-thumbnail hentry category-nezarazene\">\n\n<div class=\"wp-block-group is-style-default is-layout-flow wp-container-core-group-is-layout-4d4b61a5 wp-block-group-is-layout-flow\" style=\"padding-top:0;padding-right:0;padding-bottom:0;padding-left:0\"><h3 class=\"wp-block-post-title\"><a href=\"https:\/\/www.spolek.org\/en\/odhaleni-pametni-desky\/\" target=\"_self\" >Unveiling of the Memorial Plaque<\/a><\/h3>\n\n<figure style=\"aspect-ratio:16\/9;height:150px;\" class=\"wp-block-post-featured-image\"><img loading=\"lazy\" decoding=\"async\" width=\"2048\" height=\"1390\" src=\"https:\/\/www.spolek.org\/wp-content\/uploads\/2025\/09\/spravedlivi-deska.jpg\" class=\"attachment-full size-full wp-post-image\" alt=\"odhalen\u00ed pam\u011btn\u00ed desky spravedliv\u00fd mezi n\u00e1rody\" style=\"width:100%;height:100%;object-fit:cover;\" srcset=\"https:\/\/www.spolek.org\/wp-content\/uploads\/2025\/09\/spravedlivi-deska.jpg 2048w, https:\/\/www.spolek.org\/wp-content\/uploads\/2025\/09\/spravedlivi-deska-300x204.jpg 300w, https:\/\/www.spolek.org\/wp-content\/uploads\/2025\/09\/spravedlivi-deska-1024x695.jpg 1024w, https:\/\/www.spolek.org\/wp-content\/uploads\/2025\/09\/spravedlivi-deska-768x521.jpg 768w, https:\/\/www.spolek.org\/wp-content\/uploads\/2025\/09\/spravedlivi-deska-1536x1043.jpg 1536w, https:\/\/www.spolek.org\/wp-content\/uploads\/2025\/09\/spravedlivi-deska-18x12.jpg 18w\" sizes=\"auto, (max-width: 2048px) 100vw, 2048px\" \/><\/figure>\n\n<div class=\"wp-block-post-date\"><time datetime=\"2025-09-21T09:32:01+02:00\">21. 9. 2025<\/time><\/div>\n\n<div class=\"wp-block-post-excerpt has-medium-font-size\"><p class=\"wp-block-post-excerpt__excerpt\">On September 18, 2025, the Pinkas Synagogue in Prague hosted the ceremonial unveiling of the renewed memorial plaque dedicated to the Righteous Among the Nations. <\/p><\/div><\/div>\n\n<\/li><\/ul><\/div>\n<\/div>\n<\/div>\n<\/div>","protected":false},"excerpt":{"rendered":"<p>Ve\u0159ejn\u011b prosp\u011b\u0161n\u00fd spolek na podporu osob dot\u010den\u00fdch holocaustem Podporujeme pam\u011b\u0165.Poskytujeme p\u00e9\u010di. Dobro\u010dinnost jako tradice Petr Brod,&nbsp;historik Dobro\u010dinnost je od nepam\u011bti sou\u010d\u00e1st\u00ed \u017eidovsk\u00fdch n\u00e1bo\u017eensk\u00fdch a spole\u010densk\u00fdch tradic. Zakl\u00e1d\u00e1 se na pozn\u00e1n\u00ed, \u017ee v\u0161ichni \u017eid\u00e9 maj\u00ed n\u00e1rok na d\u016fstojnou existenci, bez ohledu na to, jak\u00e9 maj\u00ed k dispozici prost\u0159edky z vlastn\u00ed v\u00fdd\u011ble\u010dn\u00e9 \u010dinnosti. I chud\u00e9 osoby jsou [&hellip;]<\/p>\n","protected":false},"author":2,"featured_media":0,"parent":0,"menu_order":0,"comment_status":"closed","ping_status":"closed","template":"","meta":{"footnotes":""},"class_list":["post-17","page","type-page","status-publish","hentry"],"_links":{"self":[{"href":"https:\/\/www.spolek.org\/en\/wp-json\/wp\/v2\/pages\/17","targetHints":{"allow":["GET"]}}],"collection":[{"href":"https:\/\/www.spolek.org\/en\/wp-json\/wp\/v2\/pages"}],"about":[{"href":"https:\/\/www.spolek.org\/en\/wp-json\/wp\/v2\/types\/page"}],"author":[{"embeddable":true,"href":"https:\/\/www.spolek.org\/en\/wp-json\/wp\/v2\/users\/2"}],"replies":[{"embeddable":true,"href":"https:\/\/www.spolek.org\/en\/wp-json\/wp\/v2\/comments?post=17"}],"version-history":[{"count":148,"href":"https:\/\/www.spolek.org\/en\/wp-json\/wp\/v2\/pages\/17\/revisions"}],"predecessor-version":[{"id":603,"href":"https:\/\/www.spolek.org\/en\/wp-json\/wp\/v2\/pages\/17\/revisions\/603"}],"wp:attachment":[{"href":"https:\/\/www.spolek.org\/en\/wp-json\/wp\/v2\/media?parent=17"}],"curies":[{"name":"wp","href":"https:\/\/api.w.org\/{rel}","templated":true}]}}